{"id":1972,"date":"2018-09-24T21:15:30","date_gmt":"2018-09-24T19:15:30","guid":{"rendered":"https:\/\/www.waldheim-oetz.at\/?page_id=1972"},"modified":"2018-09-24T22:37:08","modified_gmt":"2018-09-24T20:37:08","slug":"1972-2","status":"publish","type":"page","link":"https:\/\/www.waldheim-oetz.at\/wordpress\/1972-2\/","title":{"rendered":"Datenschutzerkl\u00e4rung"},"content":{"rendered":"<p>&nbsp;<\/p>\n<p><em>Haus Waldheim<\/em><br \/>\nHabichen 37,<br \/>\n6433 Oetz<br \/>\nFirmenbuchgericht: Silz<br \/>\nUID- Nummer ATU: 680 382 78<\/p>\n<p>Wir verwenden folgende Daten, wenn Sie mit uns einen Vertrag abschlie\u00dfen<\/p>\n<p><strong>Stammdaten:<\/strong><br \/>\nFamilien- und Vorname, vollst\u00e4ndige Adresse, s\u00e4mtliche Kontaktinformationen (z.B. E-Mail-Adresse, Telefonnummer), Informationen \u00fcber Art und Inhalt unseres Vertragsverh\u00e4ltnisses.<\/p>\n<p>Sonstige personenbezogene Daten, welche Sie oder Dritte uns mit Ihrem Einverst\u00e4ndnis oder sonst zul\u00e4ssigerweise bei der Vertragsanbahnung, w\u00e4hrend des Vertragsverh\u00e4ltnisses (z.B. zur Ausstellung einer G\u00e4stekarte) bzw. zur Erf\u00fcllung gesetzlicher Verpflichtungen zur Verf\u00fcgung stellen:<br \/>\nGeburtsdatum bzw. Alter, Familienstand, Geschlecht, Beruf, Ausweisdaten, Bankverbindung, Zeichnungs- oder Vertretungsbefugnis, Vertragsbindung, K\u00fcndigungs-\/Stornofristen oder weitere Informationen zu Ihrer Person, welche Sie uns selbst bekanntgegeben haben.<\/p>\n<p><strong>Meldedaten<\/strong><\/p>\n<p>Meldepflicht<br \/>\nSie sind nach dem \u00f6sterreichischen Meldegesetz verpflichtet, sich bei uns mit den in \u00a7\u00a05 und \u00a7\u00a010 Meldegesetz genannten Daten anzumelden. Dies betrifft folgende Daten:<br \/>\nName, Geburtsdatum, Geschlecht, Staatsangeh\u00f6rigkeit, Herkunftsland, Adresse samt Postleitzahl und \u2013 bei ausl\u00e4ndischen G\u00e4sten \u2013 Art, Nummer, Ausstellungs-datum sowie ausstellende Beh\u00f6rde eines Reisedokumentes sowie das Datum der Ankunft und der Abreise.<\/p>\n<p><strong>1.2 G\u00e4steverzeichnis<\/strong><br \/>\nWir werden diese Daten aufgrund der uns auferlegten gesetzlichen Verpflichtung gem\u00e4\u00df \u00a7\u00a019 Meldegesetz-Durchf\u00fchrungs-Verordnung in einem G\u00e4steverzeichnis f\u00fchren und f\u00fcr die Dauer von 7 (sieben) Jahren speichern, soweit sie nicht f\u00fcr andere Zwecke, die in dieser Datenschutzerkl\u00e4rung genannt sind, l\u00e4nger verarbeitet werden<\/p>\n<p><strong>1.3 Weitergabe von Daten<\/strong><br \/>\nDie Datenkategorien \u201eAnkunft\u201c, \u201eAbreise\u201c verkn\u00fcpft mit Herkunftsland werden gem\u00e4\u00df \u00a7\u00a06 Tourismus-Statistik-Verordnung an die Gemeinde, in dem sich unser Beherbergungsbetrieb befindet, weitergleitet. Dem \u00d6tztal Tourismus, dem wir angeh\u00f6ren, und\/oder der Gemeinde sind auch aggregierte Daten \u00fcber Anzahl der N\u00e4chtigungen insgesamt und der Personen, die zur Zahlung der Aufenthaltsabgabe verpflichtet sind, zu \u00fcbermitteln. Dies geschieht auf Grundlage des \u00a7\u00a019 Tiroler Aufenthaltsabgabegesetz.<\/p>\n<p><strong>1.4 Rechtsgrundlage der Verarbeitungen<\/strong><br \/>\nDie Verarbeitungen gem\u00e4\u00df den obigen Punkten 1.1 bis 1.3 basieren auf Art. 6 Abs. 1 lit. c DSGVO.<\/p>\n<p>1.5. Zus\u00e4tzliche Daten\u00fcbermittlung an TVB\/Gemeinde<br \/>\nZus\u00e4tzlich leiten wir Ihre Postleitzahl und Ihr Geburtsjahr (in pseudonymisierter bzw. anonymisierter Form) zur Erstellung und Auswertung von Herkunfts- und Altersstatistiken durch den Tourismusverband an unsere Gemeinde und unseren TVB weiter. Diese Weiterleitung beruht auf Art. 6 Abs. 1 lit e (Aufgabe im \u00f6ffentlichen Interesse) und lit f (\u00fcberwiegende berechtigte Interessen) DSGVO. Sie k\u00f6nnen dagegen jederzeit Widerspruch, aus Gr\u00fcnden, die sich aus Ihrer besonderen Situation ergeben (Art. 21 Abs 1 DSGVO), einlegen.<\/p>\n<p><strong>G\u00e4stekarte<\/strong><\/p>\n<p><strong>2.1 Allgemeines<\/strong><br \/>\nSie haben die M\u00f6glichkeit, eine G\u00e4stekarte in Anspruch zu nehmen. Die G\u00e4stekarte gew\u00e4hrt Ihnen eine Verg\u00fcnstigung auf die Tarife des Linienverkehrs. Die G\u00e4stekarte ist f\u00fcr den Zeitraum Ihres Aufenthaltes bei uns g\u00fcltig.<\/p>\n<p><strong>2.2 Ausstellen der G\u00e4stekarte<\/strong><br \/>\nDie G\u00e4stekarte wird vom Unterkunftgeber nur auf Ihren Wunsch ausgegeben. Sie wird nach dem vom Beherbergungsbetrieb eingesetzten G\u00e4stekarten-System entweder in Form<br \/>\n&#8211; einer elektronisch generierten G\u00e4stekarte oder<br \/>\n&#8211; des Durchschlags des Meldezettels ausgestellt.<\/p>\n<p><strong>2.3 Verarbeitete personenbezogene Daten<\/strong><br \/>\nF\u00fcr die elektronisch generierte G\u00e4stekarte werden folgende personenbezogene Daten, die aus den Meldedaten (siehe oben Punkt 1) ermittelt werden, verarbeitet:<br \/>\nVorname, Nachname, Geburtsdatum, Herkunftsland\/Postleitzahl und Aufenthaltszeit (Ankunft\/Abreise).<br \/>\nWird die G\u00e4stekarte in Form des \u201eMeldezettels\u201c ausgestellt, enth\u00e4lt dieser den Inhalt laut \u00a7\u00a05 iVm 9 Meldegesetz (siehe dazu oben Punkt \u201eMeldedaten\u201c 1.1). In diesem Fall erfolgt keine elektronische Verarbeitung zu Zwecken der G\u00e4stekarte.<br \/>\nEs erfolgt keine Verarbeitung der G\u00e4stekartendaten durch den Tourismusverband oder durch den Linienbetreiber.<\/p>\n<p><strong>2.4 Rechtsgrundlage der Verarbeitungen<\/strong><br \/>\nDie Verarbeitung der Daten f\u00fcr Zwecke der G\u00e4stekarte erfolgt aufgrund Ihrer Einwilligung (Art. 6 Abs 1 lit a DSGVO).<br \/>\nEine Einwilligung kann von Ihnen jederzeit m\u00fcndlich gegen\u00fcber dem Unterkunftgeber widerrufen werden.<\/p>\n<p><strong>2.5 Empf\u00e4nger der Daten<\/strong><br \/>\nSie m\u00fcssen zur Inanspruchnahme von Verg\u00fcnstigung die jeweilige G\u00e4stekarte, auf welcher die Daten abgebildet sind, dem Busfahrer vorweisen und somit selbst offenlegen. Dieser pr\u00fcft durch Sichtkontrolle, ob diese (noch) g\u00fcltig ist.<\/p>\n<p><strong>Sonstige Verarbeitung Ihrer Daten<\/strong><\/p>\n<p>Grunds\u00e4tzlich verarbeiten wir nur jene Daten, welche f\u00fcr den Vertragsabschluss bzw. f\u00fcr die Vertragserf\u00fcllung unbedingt erforderlich sind. Sofern Sie uns auch eine entsprechende Einwilligung erteilt haben, verarbeiten wir Ihre Daten dahingehend, dass wir Ihnen bis auf Widerruf Informationen \u00fcber unsere Serviceleistungen zukommen lassen. Dabei nutzen wir folgende Kommunikationskan\u00e4le, sofern Sie uns diese genannt haben:<br \/>\nTelefon, E-Mail, SMS, Post oder Social-Media-Kan\u00e4le.<\/p>\n<p><strong>Datenl\u00f6schung<\/strong><\/p>\n<p>Ihre Stammdaten und sonstigen personenbezogenen Daten werden gel\u00f6scht, wenn diese f\u00fcr die Erf\u00fcllung des mit der Speicherung verfolgten Zweckes nicht mehr erforderlich sind \u2013 in der Regel nach 7 (sieben) Jahren \u2013 oder wenn die Speicherung aus gesetzlichen Gr\u00fcnden unzul\u00e4ssig wird.<\/p>\n<p>Anstatt einer L\u00f6schung kann auch eine Anonymisierung der Daten vorgenommen werden, was bedeutet, dass jeglicher Personenbezug unwiederbringlich entfernt wird.<\/p>\n<p><em>Newsletter<\/em><\/p>\n<p>Wird nicht verwendet<\/p>\n<p><em>Social Media Plug-Ins<\/em><\/p>\n<p>Wird nicht verwendet<\/p>\n<p>&nbsp;<\/p>\n<p>Folgende Rechte k\u00f6nnen Sie im Hinblick auf die Verarbeitung Ihrer Daten geltend machen:<\/p>\n<p><strong>9.1. Auskunftsrecht:<\/strong><br \/>\nSie haben das Recht von uns zu erfahren, ob und in welchem Ausma\u00df wir Ihre Daten verarbeiten.<br \/>\nKontakt \/ Verantwortlicher:<br \/>\nArnold Santer, Haus Waldheim, Habichen 37, 6433 Oetz<br \/>\nE-Mail: waldheim-oetz@aon.at<br \/>\n0043 (0) 699 11 85 264<\/p>\n<p><strong>9.2. Ihre Rechte<\/strong><br \/>\nIhnen stehen grunds\u00e4tzlich die Rechte auf Auskunft, Berichtigung, L\u00f6schung, Einschr\u00e4nkung, Daten\u00fcbertragbarkeit, Widerruf und Widerspruch zu. Wenn Sie glauben, dass die Verarbeitung Ihrer Daten gegen das Datenschutzrecht verst\u00f6\u00dft oder Ihre datenschutzrechtlichen Anspr\u00fcche sonst in einer Weise verletzt worden sind, k\u00f6nnen Sie sich bei der Aufsichtsbeh\u00f6rde beschweren. In \u00d6sterreich ist dies die Datenschutzbeh\u00f6rde.<\/p>\n<p><strong>9.3. Beschwerderecht:<\/strong> Verst\u00f6\u00dft Ihres Erachtens die Verarbeitung Ihrer personenbezogenen Daten gegen \u00f6sterreichisches oder europ\u00e4isches Datenschutzrecht, so kontaktieren Sie uns bitte, um allf\u00e4llige Fragen aufkl\u00e4ren zu k\u00f6nnen. Selbstverst\u00e4ndlich haben Sie das Recht, sich bei der \u00f6sterreichischen Datenschutzbeh\u00f6rde oder bei einer Aufsichtsbeh\u00f6rde innerhalb der EU, zu beschweren.<\/p>\n<p><strong>Best\u00e4tigung der Identit\u00e4t:<\/strong><br \/>\nZum Schutz Ihrer Rechte und Ihrer Privatsph\u00e4re sind wir berechtigt, im Zweifel einen Identit\u00e4tsnachweis anzufordern.<\/p>\n<p><strong>Rechtebeanspruchung \u00fcber Geb\u00fchr:<\/strong><br \/>\nWenn Sie eines der genannten Rechte offenkundig unbegr\u00fcndet oder besonders h\u00e4ufig einfordern, sind wir berechtigt ein angemessenes Bearbeitungsentgelt zu verlangen oder die Bearbeitung des Antrags abzulehnen.<\/p>\n<p><strong>Pflicht zur Mitwirkung:<\/strong><br \/>\nIm Rahmen von Mitwirkungspflichten sind wir verpflichtet, Daten entsprechend den gesetzlichen Bestimmungen (z.B. BAO, Meldegesetz, ZPO, StPO, \u2026) auf Anforderung herauszugeben.<\/p>\n<p><strong>Geltungsdauer:<\/strong><br \/>\nDiese Datenschutzerkl\u00e4rung gilt ab 25. Mai 2018 und ersetzt die bestehenden Datenschutzbestimmungen.<\/p>\n","protected":false},"excerpt":{"rendered":"<p>&nbsp; Haus Waldheim Habichen 37, 6433 Oetz Firmenbuchgericht: Silz UID- Nummer ATU: 680 382 78 Wir verwenden folgende Daten, wenn Sie mit uns einen Vertrag abschlie\u00dfen<span class=\"excerpt-hellip\"> [\u2026]<\/span><\/p>\n","protected":false},"author":1,"featured_media":0,"parent":0,"menu_order":0,"comment_status":"closed","ping_status":"closed","template":"","meta":[],"_links":{"self":[{"href":"https:\/\/www.waldheim-oetz.at\/wordpress\/wp-json\/wp\/v2\/pages\/1972"}],"collection":[{"href":"https:\/\/www.waldheim-oetz.at\/wordpress\/wp-json\/wp\/v2\/pages"}],"about":[{"href":"https:\/\/www.waldheim-oetz.at\/wordpress\/wp-json\/wp\/v2\/types\/page"}],"author":[{"embeddable":true,"href":"https:\/\/www.waldheim-oetz.at\/wordpress\/wp-json\/wp\/v2\/users\/1"}],"replies":[{"embeddable":true,"href":"https:\/\/www.waldheim-oetz.at\/wordpress\/wp-json\/wp\/v2\/comments?post=1972"}],"version-history":[{"count":7,"href":"https:\/\/www.waldheim-oetz.at\/wordpress\/wp-json\/wp\/v2\/pages\/1972\/revisions"}],"predecessor-version":[{"id":1980,"href":"https:\/\/www.waldheim-oetz.at\/wordpress\/wp-json\/wp\/v2\/pages\/1972\/revisions\/1980"}],"wp:attachment":[{"href":"https:\/\/www.waldheim-oetz.at\/wordpress\/wp-json\/wp\/v2\/media?parent=1972"}],"curies":[{"name":"wp","href":"https:\/\/api.w.org\/{rel}","templated":true}]}}